{"id":838,"date":"2026-03-08T13:58:41","date_gmt":"2026-03-08T12:58:41","guid":{"rendered":"https:\/\/iesnapa.educacion.navarra.es\/web\/?page_id=838"},"modified":"2026-03-12T09:51:47","modified_gmt":"2026-03-12T08:51:47","slug":"directorio-de-profesores","status":"publish","type":"page","link":"https:\/\/iesnapa.educacion.navarra.es\/web\/acceso-a-alumnos\/directorio-de-profesores\/","title":{"rendered":"Lista de profesores por curso"},"content":{"rendered":"<div class=\"wpb-content-wrapper\"><p>[vc_row row_height_percent=\u00bb0&#8243; override_padding=\u00bbyes\u00bb h_padding=\u00bb5&#8243; top_padding=\u00bb2&#8243; bottom_padding=\u00bb2&#8243; back_color=\u00bbarena-urabayen\u00bb overlay_alpha=\u00bb50&#8243; gutter_size=\u00bb3&#8243; column_width_percent=\u00bb100&#8243; shift_y=\u00bb0&#8243; z_index=\u00bb0&#8243; el_class=\u00bbinforma\u00bb][vc_column column_width_percent=\u00bb100&#8243; gutter_size=\u00bb3&#8243; overlay_alpha=\u00bb50&#8243; shift_x=\u00bb0&#8243; shift_y=\u00bb0&#8243; shift_y_down=\u00bb0&#8243; z_index=\u00bb0&#8243; medium_width=\u00bb0&#8243; mobile_width=\u00bb0&#8243; width=\u00bb1\/1&#8243;][vc_row_inner row_inner_height_percent=\u00bb0&#8243; back_color=\u00bbblanco\u00bb overlay_alpha=\u00bb50&#8243; gutter_size=\u00bb3&#8243; shift_y=\u00bb0&#8243; z_index=\u00bb0&#8243; css=\u00bb.vc_custom_1608543885800{padding-top: 8px !important;padding-right: 8px !important;padding-bottom: 8px !important;padding-left: 8px !important;}\u00bb limit_content=\u00bb\u00bb][vc_column_inner width=\u00bb1\/1&#8243;][vc_column_text uncode_shortcode_id=\u00bb963780&#8243;]<\/p>\n<ul class=\"menu-interno\">\n<li><a href=\"#1-espa\">1.\u00ba ESPA<\/a><\/li>\n<li><a href=\"#2-espa\">2.\u00ba ESPA<\/a><\/li>\n<li><a href=\"#3-espa\">3.\u00ba ESPA<\/a><\/li>\n<li><a href=\"#4-espa\">4.\u00ba ESPA<\/a><\/li>\n<li><a href=\"#1-bachillerato\">1.\u00ba Bachillerato<\/a><\/li>\n<li><a href=\"#2-bachillerato\">2.\u00ba Bachillerato<\/a><\/li>\n<li><a href=\"#Acceso-Universidad\">Acceso Universidad<\/a><\/li>\n<li><a href=\"#Grado-Medio\">Acceso a Grado Medio<\/a><\/li>\n<li><a href=\"#Grado-Superior\">Acceso a Grado Superior<\/a><\/li>\n<\/ul>\n<p>[\/vc_column_text][\/vc_column_inner][\/vc_row_inner][vc_custom_heading heading_semantic=\u00bbh3&#8243; text_size=\u00bbh3&#8243;]<\/p>\n<pre><span class=\"heading-text-highlight \" data-atts='{\"bg\":\"style-subrayado-titulos-bg\",\"height\":\"13%\",\"offset\":\"0.0em\",\"opacity\":\"1\",\"animated\":\"yes\"}'>Profesores de ESPA<\/span><\/pre>\n<p>[\/vc_custom_heading][vc_row_inner row_inner_height_percent=\u00bb0&#8243; overlay_alpha=\u00bb50&#8243; gutter_size=\u00bb1&#8243; shift_y=\u00bb0&#8243; z_index=\u00bb0&#8243; limit_content=\u00bb\u00bb][vc_column_inner width=\u00bb1\/1&#8243;][vc_column_text el_id=\u00bb#1-espa\u00bb uncode_shortcode_id=\u00bb155845&#8243;]<\/p>\n<h4>Profesores 1.\u00ba de ESPA<\/h4>\n<p><mark>PRESENCIAL &#8211; MA\u00d1ANA<\/mark>[\/vc_column_text][vc_column_text uncode_shortcode_id=\u00bb212492&#8243;]<\/p>\n<ul>\n<li><strong>Tutora: <span style=\"color: #800000;\">Mar\u00eda Arive<\/span><\/strong>\u00a0<a href=\"mailto:fu.mat5@educacion.navarra.es\">fu.mat5@educacion.navarra.es<\/a><\/li>\n<li><strong>Matem\u00e1ticas: <span style=\"color: #800000;\">Mar\u00eda Arive<\/span><\/strong>\u00a0<a href=\"mailto:fu.mat5@educacion.navarra.es\">fu.mat5@educacion.navarra.es<\/a><\/li>\n<li><strong>Lengua: <span style=\"color: #800000;\">Ra\u00fal Abad\u00edas<\/span><\/strong> <a href=\"mailto:fu.leng4@educacion.navarra.es\">fu.leng4@educacion.navarra.es<\/a><\/li>\n<li><strong>Ingl\u00e9s: <span style=\"color: #800000;\">Anabel Ruiz<\/span><\/strong> <a href=\"mailto:fu.ing4@educacion.navarra.es\">fu.ing4@educacion.navarra.es<\/a><\/li>\n<li><strong>Naturales\/Biolog\u00eda: <span style=\"color: #800000;\">Manuel De Pedro<\/span><\/strong>\u00a0<a href=\"mailto:fu.bio3@educacion.navarra.es\">fu.bio3@educacion.navarra.es<\/a><\/li>\n<li><strong>Sociales: <span style=\"color: #800000;\">Laura Berm\u00fadez<\/span><\/strong> <a href=\"mailto:fu.his4@educacion.navarra.es\">fu.his4@educacion.navarra.es<\/a><\/li>\n<\/ul>\n<p>[\/vc_column_text][\/vc_column_inner][\/vc_row_inner][vc_row_inner row_inner_height_percent=\u00bb0&#8243; overlay_alpha=\u00bb50&#8243; gutter_size=\u00bb1&#8243; shift_y=\u00bb0&#8243; z_index=\u00bb0&#8243; limit_content=\u00bb\u00bb][vc_column_inner width=\u00bb1\/1&#8243;][vc_column_text uncode_shortcode_id=\u00bb111715&#8243;]<\/p>\n<h4>Profesores 1.\u00ba de ESPA<\/h4>\n<p><mark>PRESENCIAL &#8211; TARDE<\/mark>[\/vc_column_text][vc_column_text uncode_shortcode_id=\u00bb886239&#8243;]<\/p>\n<ul>\n<li><strong>Tutora: <\/strong><strong><span style=\"color: #008000;\">Victoria Rold\u00e1n<\/span><\/strong> <a href=\"mailto:fu.his1@educacion.navarra.es\">fu.his1@educacion.navarra.es<\/a><\/li>\n<li><strong>Naturales\/Biolog\u00eda: <span style=\"color: #008000;\">Manuel De Pedro<\/span><\/strong>\u00a0<a href=\"mailto:fu.bio3@educacion.navarra.es\">fu.bio3@educacion.navarra.es<\/a><\/li>\n<li><strong>Matem\u00e1ticas: <\/strong><span style=\"color: #008000;\"><strong>\u00a0<\/strong><\/span><strong><span style=\"color: #008000;\">Ana Garrido<\/span><\/strong> <a href=\"mailto:agarridgor@educacion.navarra.es\"><span class=\"datos-preview-textoverde-dc datos-preview-field\">agarridgor@educacion.navarra.es<\/span><\/a><\/li>\n<li><strong>Ingl\u00e9s: <span style=\"color: #008000;\">Anabel Ruiz<\/span><\/strong> <a href=\"mailto:fu.ing4@educacion.navarra.es\">fu.ing4@educacion.navarra.es<\/a><\/li>\n<li><strong>Lengua: <span style=\"color: #008000;\">Juan Arteaga<\/span><\/strong>\u00a0<a href=\"mailto:fu.leng3@educacion.navarra.es\">fu.leng3@educacion.navarra.es<\/a><\/li>\n<li><strong>Sociales: <span style=\"color: #008000;\">Victoria Rold\u00e1n<\/span><\/strong> <a href=\"mailto:fu.his1@educacion.navarra.es\">fu.his1@educacion.navarra.es<\/a><\/li>\n<\/ul>\n<p>[\/vc_column_text][\/vc_column_inner][\/vc_row_inner][vc_row_inner row_inner_height_percent=\u00bb0&#8243; overlay_alpha=\u00bb50&#8243; gutter_size=\u00bb1&#8243; shift_y=\u00bb0&#8243; z_index=\u00bb0&#8243; limit_content=\u00bb\u00bb][vc_column_inner width=\u00bb1\/1&#8243;][vc_column_text uncode_shortcode_id=\u00bb239934&#8243;]<\/p>\n<h4>Profesores 1.\u00ba de ESPA<\/h4>\n<p><mark>DISTANCIA &#8211; TUTORIZADA<\/mark>[\/vc_column_text][vc_column_text uncode_shortcode_id=\u00bb136419&#8243;]<\/p>\n<ul>\n<li><strong>Tutora: <span style=\"color: #800000;\">Ana Sagasti<\/span><\/strong> <a href=\"mailto:fu.fran1@educacion.navarra.es\">fu.fran1@educacion.navarra.es<\/a><\/li>\n<li><strong>Franc\u00e9s: <\/strong><strong><span style=\"color: #800000;\">Ana Sagasti<\/span><\/strong> <a href=\"mailto:fu.fran1@educacion.navarra.es\">fu.fran1@educacion.navarra.es<\/a><\/li>\n<li><strong>Lengua: <span style=\"color: #800000;\">Juan Arteaga<\/span><\/strong>\u00a0<a href=\"mailto:fu.leng3@educacion.navarra.es\">fu.leng3@educacion.navarra.es<\/a><\/li>\n<li><strong>Ingl\u00e9s: <span style=\"color: #800000;\">Anabel Ruiz<\/span><\/strong> <a href=\"mailto:fu.ing4@educacion.navarra.es\">fu.ing4@educacion.navarra.es<\/a><\/li>\n<li><strong>Matem\u00e1ticas: <span style=\"color: #800000;\">Ana Garrido<\/span><\/strong> <a href=\"mailto:agarridgor@educacion.navarra.es\"><span class=\"datos-preview-textoverde-dc datos-preview-field\">agarridgor@educacion.navarra.es<\/span><\/a><\/li>\n<li><strong>Naturales\/Biolog\u00eda: <span style=\"color: #800000;\">Manuel De Pedro<\/span><\/strong>\u00a0<a href=\"mailto:fu.bio3@educacion.navarra.es\">fu.bio3@educacion.navarra.es<\/a><\/li>\n<li><strong>Sociales: <span style=\"color: #800000;\">Victoria Rold\u00e1n<\/span><\/strong> <a href=\"mailto:fu.his1@educacion.navarra.es\">fu.his1@educacion.navarra.es<\/a><\/li>\n<\/ul>\n<p>[\/vc_column_text][\/vc_column_inner][\/vc_row_inner][vc_row_inner limit_content=\u00bb\u00bb][vc_column_inner width=\u00bb1\/1&#8243;][vc_separator sep_color=\u00bbblanco\u00bb el_width=\u00bb100%\u00bb el_height=\u00bb4px\u00bb][\/vc_column_inner][\/vc_row_inner][vc_row_inner row_inner_height_percent=\u00bb0&#8243; overlay_alpha=\u00bb50&#8243; gutter_size=\u00bb1&#8243; shift_y=\u00bb0&#8243; z_index=\u00bb0&#8243; limit_content=\u00bb\u00bb][vc_column_inner width=\u00bb1\/1&#8243;][vc_column_text el_id=\u00bb2-espa\u00bb uncode_shortcode_id=\u00bb593241&#8243;]<\/p>\n<h4>Profesores 2.\u00ba de ESPA<\/h4>\n<p><mark>PRESENCIAL &#8211; MA\u00d1ANA<\/mark>[\/vc_column_text][\/vc_column_inner][\/vc_row_inner][vc_column_text uncode_shortcode_id=\u00bb111681&#8243;]<\/p>\n<ul>\n<li><strong>Tutor:<\/strong> <span style=\"color: #008000;\"><strong>Carlos Acedo<\/strong><\/span> <a href=\"mailto:fu.his3@educacion.navarra.es\">fu.his3@educacion.navarra.es<\/a><\/li>\n<li><strong>Matem\u00e1ticas:<\/strong> <span style=\"color: #008000;\"><strong>Manuel Medina<\/strong><\/span> <a href=\"mailto:fu.mat7@educacion.navarra.es\">fu.mat7@educacion.navarra.es<\/a><\/li>\n<li><strong>Sociales:<\/strong> <span style=\"color: #008000;\"><strong>Carlos Acedo<\/strong><\/span> <a href=\"mailto:fu.his3@educacion.navarra.es\">fu.his3@educacion.navarra.es<\/a><\/li>\n<li><strong>Ingl\u00e9s: <span style=\"color: #008000;\">Ana Sanz<\/span><\/strong> <a href=\"mailto:fu.ing3@educacion.navarra.es\">fu.ing3@educacion.navarra.es<\/a><\/li>\n<li><strong>Naturales\/F\u00edsica: <\/strong><span style=\"color: #008000;\"><strong>Aizt\u00edber Gil<\/strong><\/span>\u00a0<a href=\"mailto:fu.fis2@educacion.navarra.es\">fu.fis2@educacion.navarra.es<\/a><\/li>\n<li><strong>Lengua: <span style=\"color: #008000;\">Eva Armend\u00e1riz<\/span><\/strong>\u00a0<a href=\"mailto:fu.leng2@educacion.navarra.es\">fu.leng2@educacion.navarra.es<\/a><\/li>\n<\/ul>\n<p>[\/vc_column_text][vc_row_inner row_inner_height_percent=\u00bb0&#8243; overlay_alpha=\u00bb50&#8243; gutter_size=\u00bb1&#8243; shift_y=\u00bb0&#8243; z_index=\u00bb0&#8243; limit_content=\u00bb\u00bb][vc_column_inner width=\u00bb1\/1&#8243;][vc_column_text uncode_shortcode_id=\u00bb554012&#8243;]<\/p>\n<h4>Profesores 2.\u00ba de ESPA<\/h4>\n<p><mark>PRESENCIAL &#8211; TARDE<\/mark>[\/vc_column_text][vc_column_text uncode_shortcode_id=\u00bb182713&#8243;]<\/p>\n<ul>\n<li><strong>Tutora: <span style=\"color: #800000;\">Aizt\u00edber Gil\u00a0<\/span><\/strong><a href=\"mailto:fu.fis2@educacion.navarra.es\">fu.fis2@educacion.navarra.es<\/a><\/li>\n<li><strong>Matem\u00e1ticas:<span style=\"color: #800000;\"> Tadek Dawid<\/span><\/strong> <a href=\"mailto:fu.mat6@educacion.navarra.es\">fu.mat6@educacion.navarra.es<\/a><\/li>\n<li><strong>Sociales<\/strong>: <strong><span style=\"color: #800000;\">Victoria Rold\u00e1n<\/span><\/strong> <a href=\"mailto:fu.his1@educacion.navarra.es\">fu.his1@educacion.navarra.es<\/a><\/li>\n<li><strong>Ingl\u00e9s: <span style=\"color: #800000;\">Ana Sanz<\/span><\/strong> <a href=\"mailto:fu.ing3@educacion.navarra.es\">fu.ing3@educacion.navarra.es<\/a><\/li>\n<li><strong>Naturales\/F\u00edsica: <span style=\"color: #800000;\">Aizt\u00edber Gil<\/span><\/strong>\u00a0<a href=\"mailto:fu.fis2@educacion.navarra.es\">fu.fis2@educacion.navarra.es<\/a><\/li>\n<li><strong>Lengua: <span style=\"color: #800000;\">Juan Arteaga<\/span><\/strong> <a href=\"mailto:fu.leng4@educacion.navarra.es\">fu.leng3@educacion.navarra.es<\/a><\/li>\n<\/ul>\n<p>[\/vc_column_text][\/vc_column_inner][\/vc_row_inner][vc_column_text uncode_shortcode_id=\u00bb196377&#8243;]<\/p>\n<h4>Profesores 2.\u00ba de ESPA<\/h4>\n<p><mark>DISTANCIA TUTORIZADA<\/mark>[\/vc_column_text][vc_row_inner row_inner_height_percent=\u00bb0&#8243; overlay_alpha=\u00bb50&#8243; gutter_size=\u00bb1&#8243; shift_y=\u00bb0&#8243; z_index=\u00bb0&#8243; limit_content=\u00bb\u00bb][vc_column_inner width=\u00bb1\/1&#8243;][vc_column_text uncode_shortcode_id=\u00bb171285&#8243;]<\/p>\n<ul>\n<li><strong>Tutor: <span style=\"color: #008000;\">Manuel Medina<\/span><\/strong> <a href=\"mailto:fu.mat7@educacion.navarra.es\">fu.mat7@educacion.navarra.es<\/a><\/li>\n<li><strong>Franc\u00e9s:\u00a0<\/strong><strong><span style=\"color: #008000;\">Ana Sagasti<\/span><\/strong> <a href=\"mailto:fu.fran1@educacion.navarra.es\">fu.fran1@educacion.navarra.es<\/a><\/li>\n<li><strong>Lengua: <span style=\"color: #008000;\">Juan Arteaga<\/span><\/strong>\u00a0<a href=\"mailto:fu.leng4@educacion.navarra.es\">fu.leng3@educacion.navarra.es<\/a><\/li>\n<li><strong>Sociales: <span style=\"color: #008000;\">Pedro\u00a0<\/span><span style=\"color: #008000;\">Garc\u00eda<\/span><\/strong> <a href=\"mailto:fu.his2@educacion.navarra.es\">fu.his2@educacion.navarra.es<\/a><\/li>\n<li><strong>Ingl\u00e9s: <span style=\"color: #008000;\">Ana Sanz<\/span><\/strong> <a href=\"mailto:fu.ing3@educacion.navarra.es\">fu.ing3@educacion.navarra.es<\/a><\/li>\n<li><strong>Naturales\/F\u00edsica: <span style=\"color: #008000;\">Aizt\u00edber Gil<\/span><\/strong>\u00a0<a href=\"mailto:fu.fis2@educacion.navarra.es\">fu.fis2@educacion.navarra.es<\/a><\/li>\n<li><strong>Matem\u00e1ticas: <span style=\"color: #008000;\">Manuel Medina<\/span><\/strong> <a href=\"mailto:fu.mat7@educacion.navarra.es\">fu.mat7@educacion.navarra.es<\/a><\/li>\n<\/ul>\n<p>[\/vc_column_text][\/vc_column_inner][\/vc_row_inner][vc_row_inner limit_content=\u00bb\u00bb][vc_column_inner width=\u00bb1\/1&#8243;][vc_separator sep_color=\u00bbblanco\u00bb el_width=\u00bb100%\u00bb el_height=\u00bb4px\u00bb][\/vc_column_inner][\/vc_row_inner][vc_row_inner row_inner_height_percent=\u00bb0&#8243; overlay_alpha=\u00bb50&#8243; gutter_size=\u00bb1&#8243; shift_y=\u00bb0&#8243; z_index=\u00bb0&#8243; limit_content=\u00bb\u00bb][vc_column_inner width=\u00bb1\/1&#8243;][vc_column_text el_id=\u00bb3-espa\u00bb uncode_shortcode_id=\u00bb563053&#8243;]<\/p>\n<h4>Profesores 3.\u00ba de ESPA<\/h4>\n<p><mark>PRESENCIAL &#8211; MA\u00d1ANA<\/mark>[\/vc_column_text][vc_column_text uncode_shortcode_id=\u00bb111426&#8243;]<\/p>\n<ul>\n<li><strong>Tutora: <span style=\"color: #800000;\">Eva Agudo<\/span><\/strong> <a href=\"mailto:fu.leng1@educacion.navarra.es\">fu.leng1@educacion.navarra.es<\/a><\/li>\n<li><strong>Matem\u00e1ticas: <span style=\"color: #800000;\">Cristina Landa<\/span><\/strong>\u00a0<a href=\"mailto:fu.mat1@educacion.navarra.es\">fu.mat1@educacion.navarra.es<\/a><\/li>\n<li><strong>Naturales\/Biolog\u00eda:\u00a0<span style=\"color: #800000;\">Esther Villacast\u00edn<\/span><\/strong> <a href=\"mailto:fu.bio1@educacion.navarra.es\">fu.bio1@educacion.navarra.es<\/a><\/li>\n<li><strong>Lengua: <span style=\"color: #800000;\">Eva Agudo<\/span><\/strong> <a href=\"mailto:fu.leng1@educacion.navarra.es\">fu.leng1@educacion.navarra.es<\/a><\/li>\n<li><strong>Ingl\u00e9s:<\/strong>\u00a0<strong><span style=\"color: #800000;\">Ana Sanz<\/span><\/strong> <a href=\"mailto:fu.ing3@educacion.navarra.es\">fu.ing3@educacion.navarra.es<\/a><\/li>\n<li><strong>Sociales: <span style=\"color: #800000;\">Marcos Ruiz<\/span><\/strong>\u00a0<a href=\"mailto:fu.his5@educacion.navarra.es\">fu.his5@educacion.navarra.es<\/a><\/li>\n<\/ul>\n<p>[\/vc_column_text][\/vc_column_inner][\/vc_row_inner][vc_row_inner row_inner_height_percent=\u00bb0&#8243; overlay_alpha=\u00bb50&#8243; gutter_size=\u00bb1&#8243; shift_y=\u00bb0&#8243; z_index=\u00bb0&#8243; limit_content=\u00bb\u00bb][vc_column_inner width=\u00bb1\/1&#8243;][vc_column_text uncode_shortcode_id=\u00bb207773&#8243;]<\/p>\n<h4>Profesores 3.\u00ba de ESPA<\/h4>\n<p><mark>PRESENCIAL &#8211; TARDE<\/mark>[\/vc_column_text][vc_column_text uncode_shortcode_id=\u00bb715661&#8243;]<\/p>\n<ul>\n<li><strong>Tutora: <span style=\"color: #008000;\">Anabel Ruiz<\/span><\/strong> <a href=\"mailto:fu.ing4@educacion.navarra.es\">fu.ing4@educacion.navarra.es<\/a><\/li>\n<li><strong>Ingl\u00e9s: <span style=\"color: #008000;\">Anabel Ruiz<\/span><\/strong> <a href=\"mailto:fu.ing4@educacion.navarra.es\">fu.ing4@educacion.navarra.es<\/a><\/li>\n<li><strong>Lengua: <span style=\"color: #008000;\">Ana Cabrero<\/span><\/strong>\u00a0<a href=\"mailto:fu.leng5@educacion.navarra.es\">fu.leng5@educacion.navarra.es<\/a><\/li>\n<li><strong>Sociales: <span style=\"color: #008000;\">Victoria Rold\u00e1n<\/span><\/strong> <a href=\"mailto:.%20fu.sociales3@@educacion.navarra.es\">fu.his1@educacion.navarra.es<\/a><\/li>\n<li><strong>Matem\u00e1ticas: <span style=\"color: #008000;\">Rebeca Trist\u00e1n<\/span><\/strong>\u00a0<a href=\"mailto:fu.mat3@educacion.navarra.es\">fu.mat3@educacion.navarra.es<\/a><\/li>\n<li><strong>Naturales\/Biolog\u00eda: <span style=\"color: #008000;\">Esther Villacast\u00edn<\/span><\/strong> <a href=\"mailto:fu.bio1@educacion.navarra.es\">fu.bio1@educacion.navarra.es<\/a><\/li>\n<\/ul>\n<p>[\/vc_column_text][\/vc_column_inner][\/vc_row_inner][vc_row_inner row_inner_height_percent=\u00bb0&#8243; overlay_alpha=\u00bb50&#8243; gutter_size=\u00bb1&#8243; shift_y=\u00bb0&#8243; z_index=\u00bb0&#8243; limit_content=\u00bb\u00bb][vc_column_inner width=\u00bb1\/1&#8243;][vc_column_text uncode_shortcode_id=\u00bb141313&#8243;]<\/p>\n<h4>Profesores 3.\u00ba de ESPA<\/h4>\n<p><mark>DISTANCIA TUTORIZADA<\/mark>[\/vc_column_text][vc_column_text uncode_shortcode_id=\u00bb822380&#8243;]<\/p>\n<ul>\n<li><strong>Tutora: <span style=\"color: #800000;\">Juan Arteaga<\/span><\/strong>\u00a0<a href=\"mailto:fu.leng3@educacion.navarra.es\">fu.leng3@educacion.navarra.es<\/a><\/li>\n<li><strong>Sociales: <span style=\"color: #800000;\">Pedro Garc\u00eda<\/span><\/strong> <a href=\"mailto:fu.his2@educacion.navarra.es\">fu.his2@educacion.navarra.es<\/a><\/li>\n<li><strong>Franc\u00e9s: <span style=\"color: #800000;\">Ana Sagasti<\/span><\/strong> <a href=\"mailto:fu.fran1@educacion.navarra.es\">fu.fran1@educacion.navarra.es<\/a><\/li>\n<li><strong>Ingl\u00e9s: <span style=\"color: #800000;\">Amaia G\u00f3mez<\/span><\/strong> <a href=\"mailto:fu.ingles1@educacion.navarra.es\">fu.ing1@educacion.navarra.es<\/a><\/li>\n<li><strong>Lengua: <span style=\"color: #800000;\">Juan Arteaga<\/span><\/strong>\u00a0<a href=\"mailto:fu.leng3@educacion.navarra.es\">fu.leng3@educacion.navarra.es<\/a><\/li>\n<li><strong>Naturales\/Biolog\u00eda: <span style=\"color: #800000;\">Esther Villacast\u00edn<\/span><\/strong> <a href=\"mailto:fu.bio1@educacion.navarra.es\">fu.bio1@educacion.navarra.es<\/a><\/li>\n<li><strong>Matem\u00e1ticas: <span style=\"color: #800000;\">Cristina Landa<\/span><\/strong> <a href=\"mailto:fu.mat1@educacion.navarra.es\">fu.mat1@educacion.navarra.es<\/a><\/li>\n<\/ul>\n<p>[\/vc_column_text][\/vc_column_inner][\/vc_row_inner][vc_row_inner limit_content=\u00bb\u00bb][vc_column_inner width=\u00bb1\/1&#8243;][vc_separator sep_color=\u00bbblanco\u00bb el_width=\u00bb100%\u00bb el_height=\u00bb4px\u00bb][\/vc_column_inner][\/vc_row_inner][vc_row_inner row_inner_height_percent=\u00bb0&#8243; overlay_alpha=\u00bb50&#8243; gutter_size=\u00bb1&#8243; shift_y=\u00bb0&#8243; z_index=\u00bb0&#8243; limit_content=\u00bb\u00bb][vc_column_inner width=\u00bb1\/1&#8243;][vc_column_text el_id=\u00bb4-espa\u00bb uncode_shortcode_id=\u00bb190195&#8243;]<\/p>\n<h4>Profesores 4.\u00ba de ESPA<\/h4>\n<p><mark>PRESENCIAL &#8211; MA\u00d1ANA<\/mark>[\/vc_column_text][vc_column_text uncode_shortcode_id=\u00bb205879&#8243;]<\/p>\n<ul>\n<li><strong>Tutora: <span style=\"color: #008000;\">Ana Sanz<\/span><\/strong> <a href=\"mailto:fu.ing3@educacion.navarra.es\">fu.ing3@educacion.navarra.es<\/a><\/li>\n<li><strong>Naturales:<\/strong> <span style=\"color: #008000;\"><strong>Maider San Rom\u00e1n<\/strong><\/span><a href=\"mailto:fu.fis1@educacion.navarra.es\">\u00a0fu.fis1@educacion.navarra.es<\/a><\/li>\n<li><strong>Ingl\u00e9s: <span style=\"color: #008000;\">Ana Sanz<\/span><\/strong> <a href=\"mailto:fu.ing3@educacion.navarra.es\">fu.ing3@educacion.navarra.es<\/a><\/li>\n<li><strong>Matem\u00e1ticas: <span style=\"color: #008000;\">Manuel Medina<\/span><\/strong> <a href=\"mailto:fu.mat7@educacion.navarra.es\">fu.mat7@educacion.navarra.es<\/a><\/li>\n<li><strong>Lengua:<\/strong> <span style=\"color: #008000;\"><strong>Eva Armend\u00e1riz<\/strong><\/span>\u00a0<a href=\"mailto:fu.leng2@educacion.navarra.es\">fu.leng2@educacion.navarra.es<\/a><\/li>\n<li><strong>Sociales: <span style=\"color: #008000;\">Laura Berm\u00fadez<\/span><\/strong> <a href=\"mailto:fu.his4@educacion.navarra.es\">fu.his4@educacion.navarra.es<\/a><\/li>\n<\/ul>\n<p>[\/vc_column_text][\/vc_column_inner][\/vc_row_inner][vc_row_inner row_inner_height_percent=\u00bb0&#8243; overlay_alpha=\u00bb50&#8243; gutter_size=\u00bb1&#8243; shift_y=\u00bb0&#8243; z_index=\u00bb0&#8243; limit_content=\u00bb\u00bb][vc_column_inner width=\u00bb1\/1&#8243;][vc_column_text el_id=\u00bb4-espa\u00bb uncode_shortcode_id=\u00bb182559&#8243;]<\/p>\n<h4>Profesores 4.\u00ba de ESPA<\/h4>\n<p><mark>PRESENCIAL &#8211; TARDE<\/mark>[\/vc_column_text][vc_column_text uncode_shortcode_id=\u00bb195507&#8243;]<\/p>\n<ul>\n<li><strong>Tutor: <span style=\"color: #800000;\">Tadek Dawid<\/span><\/strong> <a href=\"mailto:fu.mat6@educacion.navarra.es\">fu.mat6@educacion.navarra.es<\/a><\/li>\n<li><strong>Lengua: <span style=\"color: #800000;\">Ana Cabrero<\/span><\/strong>\u00a0<a href=\"mailto:fu.leng2@educacion.navarra.es\">fu.leng5@educacion.navarra.es<\/a><\/li>\n<li><strong>Sociales:<\/strong> <span style=\"color: #800000;\"><strong>Marcos Ruiz<\/strong><\/span> <a href=\"mailto:fu.his5@educacion.navarra.es\">fu.his5@educacion.navarra.es<\/a><\/li>\n<li><strong>Ingl\u00e9s: <span style=\"color: #800000;\">Ana Sanz<\/span><\/strong> <a href=\"mailto:fu.ing3@educacion.navarra.es\">fu.ing3@educacion.navarra.es<\/a><\/li>\n<li><strong>Matem\u00e1ticas<\/strong>: <strong><span style=\"color: #800000;\">Tadek Dawid<\/span><\/strong> <a href=\"mailto:fu.mat6@educacion.navarra.es\">fu.mat6@educacion.navarra.es<\/a><\/li>\n<li><strong>Naturales:<\/strong> <span style=\"color: #800000;\"><strong>Maider San Rom\u00e1n<\/strong><\/span> <a href=\"mailto:fu.fis1@educacion.navarra.es\">fu.fis1@educacion.navarra.es<\/a><\/li>\n<\/ul>\n<p>[\/vc_column_text][\/vc_column_inner][\/vc_row_inner][vc_row_inner row_inner_height_percent=\u00bb0&#8243; overlay_alpha=\u00bb50&#8243; gutter_size=\u00bb1&#8243; shift_y=\u00bb0&#8243; z_index=\u00bb0&#8243; limit_content=\u00bb\u00bb][vc_column_inner width=\u00bb1\/1&#8243;][vc_column_text el_id=\u00bb4-espa\u00bb uncode_shortcode_id=\u00bb192496&#8243;]<\/p>\n<h4>Profesores 4.\u00ba de ESPA<\/h4>\n<p><mark>DISTANCIA TUTORIZADA<\/mark>[\/vc_column_text][vc_column_text uncode_shortcode_id=\u00bb126370&#8243;]<\/p>\n<ul>\n<li><strong>Tutora: <span style=\"color: #008000;\">Maider San Rom\u00e1n<\/span><\/strong> <a href=\"mailto:fu.fis1@educacion.navarra.es\">fu.fis1@educacion.navarra.es<\/a><\/li>\n<li><strong>Ingl\u00e9s:<\/strong> <span style=\"color: #008000;\"><strong>Elena Vall\u00e9s<\/strong><\/span> <a href=\"mailto:fu.ing2@educacion.navarra.es\">fu.ing2@educacion.navarra.es<\/a><\/li>\n<li><strong>Franc\u00e9s:<\/strong> <strong><span style=\"color: #008000;\">Ana Sagasti<\/span><\/strong> <a href=\"mailto:fu.fran1@educacion.navarra.es\">fu.fran1@educacion.navarra.es<\/a><\/li>\n<li><strong>Sociales:<\/strong> <span style=\"color: #008000;\"><strong>Marcos Ruiz<\/strong><\/span> <a href=\"mailto:fu.his5@educacion.navarra.es\">fu.his5@educacion.navarra.es<\/a><\/li>\n<li><strong>Lengua:<\/strong> <span style=\"color: #008000;\"><strong>Eva Armend\u00e1riz<\/strong><\/span>\u00a0<a href=\"mailto:fu.leng2@educacion.navarra.es\">fu.leng2@educacion.navarra.es<\/a><\/li>\n<li><strong>Naturales: <span style=\"color: #008000;\">Maider San Rom\u00e1n<\/span><\/strong> <a href=\"mailto:fu.fis1@educacion.navarra.es\">fu.fis1@educacion.navarra.es<\/a><\/li>\n<li><strong>Matem\u00e1ticas: <span style=\"color: #008000;\">Mar\u00eda Arive<\/span><\/strong>\u00a0<a href=\"mailto:fu.mat5@educacion.navarra.es\">fu.mat5@educacion.navarra.es<\/a><\/li>\n<\/ul>\n<p>[\/vc_column_text][\/vc_column_inner][\/vc_row_inner][vc_row_inner limit_content=\u00bb\u00bb][vc_column_inner width=\u00bb1\/1&#8243;][vc_separator sep_color=\u00bbblanco\u00bb el_width=\u00bb100%\u00bb el_height=\u00bb4px\u00bb][\/vc_column_inner][\/vc_row_inner][vc_row_inner row_inner_height_percent=\u00bb0&#8243; overlay_alpha=\u00bb50&#8243; gutter_size=\u00bb1&#8243; shift_y=\u00bb0&#8243; z_index=\u00bb0&#8243; limit_content=\u00bb\u00bb][vc_column_inner width=\u00bb1\/1&#8243;][vc_column_text el_id=\u00bb1-bachillerato\u00bb uncode_shortcode_id=\u00bb141328&#8243;]<\/p>\n<h4>Profesores 1.\u00ba de Bachillerato\u00a0 \u2014 Tutora: <strong><span style=\"color: #008080;\">Adriana Cerd\u00e1n<\/span><\/strong><\/h4>\n<p>[\/vc_column_text][vc_column_text uncode_shortcode_id=\u00bb231880&#8243;]<\/p>\n<ul>\n<li style=\"list-style-type: none;\">\n<ul>\n<li><strong>Biolog\u00eda y Geolog\u00eda: <span style=\"color: #127b87;\">Sergio Larri\u00f3n<\/span><\/strong> <a href=\"mailto:fu.bio2@educacion.navarra.es\">fu.bio2@educacion.navarra.es<\/a><\/li>\n<li><strong>Cultura cient\u00edfica: <span style=\"color: #008080;\">Sergio Larri\u00f3n<\/span><\/strong> <a href=\"mailto:fu.bio2@educacion.navarra.es\">fu.bio2@educacion.navarra.es<\/a><\/li>\n<li><strong>Cultura cl\u00e1sica: <span style=\"color: #127b87;\">Ana Pajuelo<\/span><\/strong>\u00a0<a href=\"mailto:fu.lat1@educacion.navarra.es\">fu.lat1@educacion.navarra.es<\/a><\/li>\n<li><strong>Dibujo t\u00e9cnico I: <span style=\"color: #127b87;\">Amaia Gonz\u00e1lez<\/span><\/strong>\u00a0<a href=\"mailto:fu.dib1@educacion.navarra.es\">fu.dib1@educacion.navarra.es<\/a><\/li>\n<li><strong>Econom\u00eda: <span style=\"color: #127b87;\">Ibai Mart\u00ednez de Guere\u00f1u <\/span><\/strong><a href=\"mailto:fu.eco1@educacion.navarra.es\">fu.eco1@educacion.navarra.es<\/a><\/li>\n<li><strong>Econom\u00eda y emprendimiento: <span style=\"color: #008080;\">Ibai Mart\u00ednez de Guere\u00f1u<\/span><\/strong> <a href=\"mailto:fu.eco1@educacion.navarra.es\">fu.eco1@educacion.navarra.es<\/a><\/li>\n<li><strong>Filosof\u00eda: <span style=\"color: #127b87;\">Adriana Cerd\u00e1n<\/span><\/strong> <a href=\"mailto:fu.fil1@educacion.navarra.es\">fu.fil1@educacion.navarra.es<\/a><\/li>\n<li><strong>F\u00edsica y Qu\u00edmica: <span style=\"color: #008080;\">Aizt\u00edber Gil<\/span><\/strong>\u00a0<a href=\"mailto:fu.fis2@educacion.navarra.es\">fu.fis2@educacion.navarra.es<\/a><\/li>\n<li><strong>Franc\u00e9s: <\/strong><strong><span style=\"color: #008080;\">Ana Sagasti<\/span><\/strong> <a href=\"mailto:fu.fran1@educacion.navarra.es\">fu.fran1@educacion.navarra.es<\/a><\/li>\n<li><strong>Geograf\u00eda e Historia de Navarra: <span style=\"color: #008080;\">Carlos Acedo<\/span><\/strong> <a href=\"mailto:fu.sociales2@educacion.navarra.es\">fu.his3@educacion.navarra.es<\/a><\/li>\n<li><strong>Griego I: <span style=\"color: #127b87;\">\u00d3scar Gilarrondo<\/span><\/strong> <a href=\"mailto:fu.latin@educacion.navarra.es\">fu.gri1@educacion.navarra.es<\/a><\/li>\n<li><strong>Historia del Mundo contempor\u00e1neo: <span style=\"color: #127b87;\">Pedro Garc\u00eda<\/span><\/strong> <a href=\"mailto:fu.sociales1@educacion.navarra.es\">fu.his2@educacion.navarra.es<\/a><\/li>\n<li><strong>Ingl\u00e9s: <span style=\"color: #127b87;\">Amaia G\u00f3mez<\/span><\/strong> <a href=\"mailto:fu.ing1@educacion.navarra.es\">fu.ing1@educacion.navarra.es<\/a><\/li>\n<li><strong>Lat\u00edn I: <span style=\"color: #127b87;\">Ana Pajuelo<\/span><\/strong> <a href=\"mailto:fu.lat1@educacion.navarra.es\">fu.lat1@educacion.navarra.es<\/a><\/li>\n<li><strong>Lengua Castellana y Literatura: <span style=\"color: #008080;\">Ra\u00fal Abad\u00edas<\/span><\/strong> <a href=\"mailto:fu.leng4@educacion.navarra.es\">fu.leng4@educacion.navarra.es<\/a><\/li>\n<li><strong>Literatura Universal: <span style=\"color: #008080;\">Ra\u00fal Abad\u00edas<\/span><\/strong> <a href=\"mailto:fu.leng4@educacion.navarra.es\">fu.leng4@educacion.navarra.es<\/a><\/li>\n<\/ul>\n<ul>\n<li><strong>Matem\u00e1ticas I: <\/strong><span style=\"color: #127b87;\"><strong>Rebeca Trist\u00e1n <\/strong><\/span><a href=\"mailto:fu.mat3@educacion.navarra.es\">fu.mat3@educacion.navarra.es<\/a><\/li>\n<li><strong>Matem\u00e1ticas CC.SS.: <span style=\"color: #008080;\">Ram\u00f3n Lij\u00f3<\/span><\/strong> <a href=\"mailto:fu.mat4@educacion.navarra.es\">fu.mat4@educacion.navarra.es<\/a><\/li>\n<li><strong>Matem\u00e1ticas Generales: <span style=\"color: #008080;\">Tadek Dawid<\/span><\/strong> <a href=\"mailto:fu.mat6@educacion.navarra.es\">fu.mat6@educacion.navarra.es<\/a><\/li>\n<\/ul>\n<ul>\n<li><strong>Religi\u00f3n: <span style=\"color: #127b87;\">Pablo Solano <\/span><\/strong><a href=\"mailto:fu.religion@educacion.navarra.es\">psolanon@educacion.navarra.es<\/a><\/li>\n<li><strong>TIC<\/strong>: <span style=\"color: #339966;\"><strong><span style=\"color: #008080;\">Ferm\u00edn Garc\u00eda<\/span><\/strong>\u00a0<span style=\"color: #000000;\"><a href=\"mailto:fu.tec1@educacion.navarra.es\">fu.tec1@educacion.navarra.es<\/a><\/span><\/span><\/li>\n<\/ul>\n<\/li>\n<\/ul>\n<p>[\/vc_column_text][\/vc_column_inner][\/vc_row_inner][vc_row_inner limit_content=\u00bb\u00bb][vc_column_inner width=\u00bb1\/1&#8243;][vc_separator sep_color=\u00bbblanco\u00bb el_width=\u00bb100%\u00bb el_height=\u00bb4px\u00bb][vc_column_text el_id=\u00bb1-bachillerato\u00bb uncode_shortcode_id=\u00bb197848&#8243;]<\/p>\n<h4>Profesores 2.\u00ba de Bachillerato . \u2014 Tutor: <strong><span style=\"color: #008000;\">Ra\u00fal Abad\u00edas<\/span><\/strong><\/h4>\n<p>[\/vc_column_text][\/vc_column_inner][\/vc_row_inner][vc_row_inner row_inner_height_percent=\u00bb0&#8243; overlay_alpha=\u00bb50&#8243; gutter_size=\u00bb1&#8243; shift_y=\u00bb0&#8243; z_index=\u00bb0&#8243; limit_content=\u00bb\u00bb][vc_column_inner width=\u00bb1\/1&#8243;][vc_column_text uncode_shortcode_id=\u00bb161103&#8243;][vc_column_text el_id=\u00bb2-bachillerato\u00bb uncode_shortcode_id=\u00bb224321&#8243;]<\/p>\n<ul>\n<li><strong>TUTOR: <span style=\"color: #008000;\">Ra\u00fal Abad\u00edas <\/span><\/strong><span style=\"color: #008000;\"><a href=\"mailto:fu.leng4@educacion.navarra.es\">fu.leng4@educacion.navarra.es<\/a><\/span><strong><br \/>\n<\/strong><\/li>\n<li><strong>Biolog\u00eda: <span style=\"color: #008000;\">Sergio Larri\u00f3n<\/span><\/strong>\u00a0<a href=\"mailto:fu.bio2@educacion.navarra.es\">fu.biol2@educacion.navarra.es<\/a><\/li>\n<li><strong>Ciencias Generales<\/strong>: <strong><span style=\"color: #008000;\">Sergio Larri\u00f3n <\/span><\/strong><a href=\"mailto:fu.bio2@educacion.navarra.es\">fu.bio2@educacion.navarra.es<\/a><\/li>\n<li><strong>Dibujo t\u00e9cnico II: <span style=\"color: #008000;\">Amaya Gonz\u00e1lez<\/span><\/strong>\u00a0<a href=\"mailto:fu.dib1@educacion.navarra.es\">fu.dib1@educacion.navarra.es<\/a><\/li>\n<li><strong>Empresa y Modelos de Empresa y de Negocios: <span style=\"color: #008000;\">Ibai Mart\u00ednez de Guere\u00f1u\u00a0<\/span><\/strong> <a href=\"mailto:fu.eco1@educacion.navarra.es\">fu.eco1@educacion.navarra.es<\/a><\/li>\n<li><strong>Filosof\u00eda (Historia de la): <span style=\"color: #008000;\">Adriana Cerd\u00e1n<\/span><\/strong> <a href=\"mailto:fu.fil1@educacion.navarra.es\">fu.fil1@educacion.navarra.es<\/a><\/li>\n<li><strong>F\u00edsica: <span style=\"color: #008000;\">Cun Agust\u00ed de Ciurana<\/span><\/strong>\u00a0<a href=\"mailto:magustidec1@educacion.navarra.es\"><span class=\"datos-preview-textoverde-dc datos-preview-field\">magustidec1@educacion.navarra.es<\/span><\/a><\/li>\n<li><strong>Franc\u00e9s (Lengua Extranjera II): <\/strong><strong><span style=\"color: #008000;\">Ana Sagasti<\/span><\/strong> <a href=\"mailto:fu.fran1@educacion.navarra.es\">fu.fran1@educacion.navarra.es<\/a><\/li>\n<li><strong>Geograf\u00eda: <span style=\"color: #008000;\">Marcos Ruiz<\/span><\/strong> <a href=\"mailto:fu.his5@educacion.navarra.es\">fu.his5@educacion.navarra.es<\/a><\/li>\n<li><strong>Geograf\u00eda e Historia de Navarra: <span style=\"color: #008000;\">Carlos Acedo<\/span><\/strong> <a href=\"mailto:fu.his3@educacion.navarra.es\">fu.his3@educacion.navarra.es<\/a><\/li>\n<li><strong>Geolog\u00eda y Ciencias Ambientales: <\/strong><strong>Manuel De Pedro<\/strong>\u00a0<a href=\"mailto:fu.bio3@educacion.navarra.es\">fu.bio3@educacion.navarra.es<\/a><\/li>\n<li><strong>Griego II: <span style=\"color: #008000;\">Oscar Gilarrondo<\/span><\/strong> <a href=\"mailto:fu.latin@educacion.navarra.es\">fu.gri1@educacion.navarra.es<\/a><\/li>\n<li><strong>Historia de Espa\u00f1a: <span style=\"color: #008000;\">Carlos Acedo<\/span><\/strong> <a href=\"mailto:fu.sociales2@educacion.navarra.es\">fu.his3@educacion.navarra.es<\/a><\/li>\n<li><strong>Historia del Arte: <span style=\"color: #008000;\">Victoria Rold\u00e1n<\/span><\/strong> <a href=\"mailto:fu.sociales3@educacion.navarra.es\">fu.his1@educacion.navarra.es<\/a><\/li>\n<li><strong>Ingl\u00e9s (Lengua Extranjera II): <span style=\"color: #008000;\">Amaia G\u00f3mez<\/span><\/strong> <a href=\"mailto:fu.ing1@educacion.navarra.es\">fu.ing1@educacion.navarra.es<\/a><\/li>\n<li><strong>Lat\u00edn II: A<span style=\"color: #008000;\">na Pajuelo<\/span><\/strong> <a href=\"mailto:fu.lat1@educacion.navarra.es\">fu.lat1@educacion.navarra.es<\/a><\/li>\n<li><strong>Lengua Castellana y Literatura: <span style=\"color: #008000;\">Ra\u00fal Abad\u00edas<\/span><\/strong> <a href=\"mailto:fu.leng4@educacion.navarra.es\">fu.leng4@educacion.navarra.es<\/a><\/li>\n<li><strong>Matem\u00e1ticas CC.SS II: <span style=\"color: #008000;\">Ram\u00f3n Lij\u00f3<\/span><\/strong> <a href=\"mailto:fu.mat4@educacion.navarra.es\">fu.mat4@educacion.navarra.es<\/a><\/li>\n<li><strong>Matem\u00e1ticas II: <\/strong><strong><span style=\"color: #008000;\">Rebeca Trist\u00e1n<\/span><\/strong>\u00a0<a href=\"mailto:fu.mat3@educacion.navarra.es\">fu.mat3@educacion.navarra.es<\/a><\/li>\n<li><strong>Qu\u00edmica: <span style=\"color: #008000;\">Emilia Hern\u00e1ndez<\/span><\/strong> <a href=\"mailto:fu.fis3@educacion.navarra.es\">fu.fis3@educacion.navarra.es<\/a><\/li>\n<\/ul>\n<p>[\/vc_column_text][\/vc_column_inner][\/vc_row_inner][vc_row_inner limit_content=\u00bb\u00bb][vc_column_inner width=\u00bb1\/1&#8243;][vc_separator sep_color=\u00bbblanco\u00bb el_width=\u00bb100%\u00bb el_height=\u00bb4px\u00bb][vc_custom_heading heading_semantic=\u00bbh3&#8243; text_size=\u00bbh3&#8243; uncode_shortcode_id=\u00bb178955&#8243; el_id=\u00bbAcceso-Universidad\u00bb]<\/p>\n<pre><span class=\"heading-text-highlight \" data-atts='{\"bg\":\"style-subrayado-titulos-bg\",\"height\":\"13%\",\"offset\":\"0.0em\",\"opacity\":\"1\",\"animated\":\"yes\"}'>Profesores del Preparatorio para la Prueba de Acceso a la Universidad<\/span><\/pre>\n<p>[\/vc_custom_heading][\/vc_column_inner][\/vc_row_inner][vc_column_text uncode_shortcode_id=\u00bb187672&#8243;]<\/p>\n<ul>\n<li><strong>Matem\u00e1ticas CC.SS II: <span style=\"color: #008000;\">Ram\u00f3n Munsuri<\/span><\/strong> <a href=\"mailto:fu.mat2@educacion.navarra.es\">fu.mat2@educacion.navarra.es<\/a><\/li>\n<li><strong>Biolog\u00eda: <span style=\"color: #008000;\">Sergio Larri\u00f3n <\/span><\/strong><a href=\"mailto:fu.bio2@educacion.navarra.es\">fu.bio2@educacion.navarra.es<\/a><\/li>\n<li><strong>Comentario de Texto: <span style=\"color: #008000;\">Eva Agudo<\/span><\/strong> <a href=\"mailto:fu.leng1@educacion.navarra.es\">fu.leng1@educacion.navarra.es<\/a><\/li>\n<li><strong>Econom\u00eda (A.D.E.): <span style=\"color: #008000;\">Ibai Mart\u00ednez de Guere\u00f1u<\/span><\/strong>\u00a0<a href=\"fu.eco1@educacion.navarra.es\">fu.eco1@educacion.navarra.es<\/a><\/li>\n<li><strong>F\u00edsica: <span style=\"color: #008000;\">Cun Agust\u00ed de Ciurana <\/span><\/strong><span style=\"color: #3366ff;\"><a style=\"color: #3366ff;\" href=\"mailto:magustidec1@educacion.navarra.es\"><span class=\"datos-preview-textoverde-dc datos-preview-field\">magustidec1@educacion.navarra.es<\/span><\/a><\/span><\/li>\n<li><strong>Ingl\u00e9s: <span style=\"color: #008000;\">Anabel Ruiz<\/span><\/strong>\u00a0<a href=\"mailto:fu.ing4@educacion.navarra.es\">fu.ing4@educacion.navarra.es<\/a><\/li>\n<li><strong>Lat\u00edn: <span style=\"color: #008000;\">Ana Pajuelo<\/span><\/strong>\u00a0<a href=\"mailto:fu.lat1@educacion.navarra.es\">fu.lat1@educacion.navarra.es<\/a><\/li>\n<li><strong>Lengua Castellana y Literatura: <span style=\"color: #008000;\">Ana Cabrero<\/span><\/strong> <a href=\"mailto:fu.leng5@educacion.navarra.es\">fu.leng5@educacion.navarra.es<\/a><\/li>\n<li><strong>Matem\u00e1ticas: <span style=\"color: #008000;\">Ram\u00f3n Munsuri<\/span><\/strong> <a href=\"mailto:fu.mat2@educacion.navarra.es\">fu.mat2@educacion.navarra.es<\/a><\/li>\n<li><strong>Qu\u00edmica: <span style=\"color: #008000;\">Aizt\u00edber Gil<\/span><\/strong>\u00a0<a href=\"mailto:fu.fis2@educacion.navarra.es\">fu.fis2@educacion.navarra.es<\/a><\/li>\n<li><strong>Historia: <span style=\"color: #008000;\">Pedro Garc\u00eda<\/span> <\/strong><a href=\"mailto:fu.his2@educacion.navarra.es\">fu.his2@educacion.navarra.es<\/a><\/li>\n<\/ul>\n<p>[\/vc_column_text][vc_row_inner limit_content=\u00bb\u00bb][vc_column_inner width=\u00bb1\/1&#8243;][vc_separator sep_color=\u00bbblanco\u00bb el_width=\u00bb100%\u00bb el_height=\u00bb4px\u00bb][vc_custom_heading heading_semantic=\u00bbh3&#8243; text_size=\u00bbh3&#8243; uncode_shortcode_id=\u00bb169237&#8243; el_id=\u00bbGrado-Medio\u00bb]<\/p>\n<pre><span class=\"heading-text-highlight \" data-atts='{\"bg\":\"style-subrayado-titulos-bg\",\"height\":\"13%\",\"offset\":\"0.0em\",\"opacity\":\"1\",\"animated\":\"yes\"}'>Profesores del Curso de acceso a Ciclos formativos de GRADO MEDIO PRESENCIAL<\/span><\/pre>\n<p>[\/vc_custom_heading][vc_column_text uncode_shortcode_id=\u00bb133007&#8243;]<\/p>\n<ul>\n<li><strong>TUTORA: <span style=\"color: #800000;\">Ana Pajuelo<\/span><\/strong> <a href=\"mailto:fu.lat1@educacion.navarra.es\">fu.lat1@educacion.navarra.es<\/a><\/li>\n<li><strong>Ingl\u00e9s: <span style=\"color: #800000;\">Ana Sanz<\/span><\/strong> <a href=\"mailto:fu.ing3@educacion.navarra.es\">fu.ing3@educacion.navarra.es<\/a><\/li>\n<li><strong>Lengua Castellana: <span style=\"color: #800000;\">Ana Pajuelo<\/span><\/strong> <a href=\"mailto:fu.lat1@educacion.navarra.es\">fu.lat1@educacion.navarra.es<\/a><\/li>\n<li><strong>Matem\u00e1ticas: <span style=\"color: #800000;\">Mar\u00eda Arive<\/span><\/strong>\u00a0<a href=\"mailto:fu.mat5@educacion.navarra.es\">fu.mat5@educacion.navarra.es<\/a><\/li>\n<li><strong>Naturales: <span style=\"color: #800000;\">Manuel De Pedro<\/span><\/strong>\u00a0<a href=\"mailto:fu.bio3@educacion.navarra.es\">fu.bio3@educacion.navarra.es<\/a><\/li>\n<li><strong>Sociales: <span style=\"color: #800000;\">Marcos Ruiz<\/span><\/strong> <a href=\"mailto:fu.his5@educacion.navarra.es\">fu.his5@educacion.navarra.es<\/a><\/li>\n<li><strong>Tecnolog\u00eda: <span style=\"color: #800000;\">Ferm\u00edn Garc\u00eda<\/span><\/strong>\u00a0<a href=\"mailto:fu.tec1@educacion.navarra.es\">fu.tec1@educacion.navarra.es<\/a><\/li>\n<\/ul>\n<p>[\/vc_column_text][vc_separator sep_color=\u00bbblanco\u00bb el_width=\u00bb100%\u00bb el_height=\u00bb4px\u00bb][vc_custom_heading heading_semantic=\u00bbh3&#8243; text_size=\u00bbh3&#8243; uncode_shortcode_id=\u00bb131219&#8243; el_id=\u00bbAcceso-Universidad\u00bb]<\/p>\n<pre><span class=\"heading-text-highlight \" data-atts='{\"bg\":\"style-subrayado-titulos-bg\",\"height\":\"13%\",\"offset\":\"0.0em\",\"opacity\":\"1\",\"animated\":\"yes\"}'>Profesores del Curso de acceso a Ciclos formativos de GRADO MEDIO A DISTANCIA<\/span><\/pre>\n<p>[\/vc_custom_heading][vc_column_text uncode_shortcode_id=\u00bb185764&#8243;]<\/p>\n<ul>\n<li><strong>TUTOR y profesor de Tecnolog\u00eda: <span style=\"color: #008000;\">Ferm\u00edn Garc\u00eda<\/span><\/strong>\u00a0<a href=\"mailto:fu.tec1@educacion.navarra.es\">fu.tec1@educacion.navarra.es<\/a><\/li>\n<li><strong>Sociales: <span style=\"color: #008000;\">Marcos Ruiz<\/span><\/strong> <a href=\"mailto:fu.his5@educacion.navarra.es\">fu.his5@educacion.navarra.es<\/a><\/li>\n<li><strong>Naturales: <span style=\"color: #008000;\">Manuel De Pedro<\/span><\/strong>\u00a0<a href=\"mailto:fu.bio3@educacion.navarra.es\">fu.bio3@educacion.navarra.es<\/a><\/li>\n<li><strong>Lengua Castellana: <span style=\"color: #008000;\">Ana Cabrero<\/span><\/strong> <a href=\"mailto:fu.leng5@educacion.navarra.es\">fu.leng5@educacion.navarra.es<\/a><\/li>\n<li><strong>Matem\u00e1ticas: <span style=\"color: #008000;\">Mar\u00eda Arive<\/span><\/strong>\u00a0<a href=\"mailto:fu.mat5@educacion.navarra.es\">fu.mat5@educacion.navarra.es<\/a><\/li>\n<li><strong>Ingl\u00e9s: <span style=\"color: #008000;\">Elena Vall\u00e9s<\/span><\/strong> <a href=\"mailto:fu.ing2@educacion.navarra.es\">fu.ing2@educacion.navarra.es\u00a0<\/a><\/li>\n<\/ul>\n<p>[\/vc_column_text][\/vc_column_inner][\/vc_row_inner][vc_separator sep_color=\u00bbblanco\u00bb el_width=\u00bb100%\u00bb el_height=\u00bb4px\u00bb uncode_shortcode_id=\u00bb115785&#8243; sep_color_type=\u00bbuncode-palette\u00bb el_id=\u00bbGrado-Superior\u00bb][vc_custom_heading heading_semantic=\u00bbh3&#8243; text_size=\u00bbh3&#8243; uncode_shortcode_id=\u00bb210266&#8243; el_id=\u00bbAcceso-Universidad\u00bb]<\/p>\n<pre><span class=\"heading-text-highlight \" data-atts='{\"bg\":\"style-subrayado-titulos-bg\",\"height\":\"13%\",\"offset\":\"0.0em\",\"opacity\":\"1\",\"animated\":\"yes\"}'>Profesores del Curso de acceso a Ciclos formativos de GRADO SUPERIOR Presencial<\/span><\/pre>\n<p>[\/vc_custom_heading][vc_column_text uncode_shortcode_id=\u00bb192759&#8243;]<\/p>\n<ul>\n<li><strong>TUTOR: <span style=\"color: #008080;\">Ibai Mart\u00ednez de Guere\u00f1u<\/span><\/strong>\u00a0<a href=\"mailto:fu.eco1@educacion.navarra.es\">fu.eco1@educacion.navarra.es<\/a><\/li>\n<li><strong>Biolog\u00eda: <span style=\"color: #008080;\">Esther Villacast\u00edn<\/span><\/strong> <a href=\"mailto:fu.bio1@educacion.navarra.es\">fu.bio1@educacion.navarra.es<\/a><\/li>\n<li><strong>Econom\u00eda de la Empresa: <span style=\"color: #008080;\">Ibai Mart\u00ednez de Guere\u00f1u<\/span><\/strong>\u00a0<a href=\"mailto:fu.eco1@educacion.navarra.es\">fu.eco1@educacion.navarra.es<\/a><\/li>\n<li><strong>F\u00edsica: <span style=\"color: #008080;\">Emilia Hern\u00e1ndez<\/span><\/strong>\u00a0<a href=\"mailto:fu.fis3@educacion.navarra.es\">fu.fis3@educacion.navarra.es<\/a><\/li>\n<li><strong>Ingl\u00e9s:<span style=\"color: #008080;\"> Amaia G\u00f3mez<\/span><\/strong>\u00a0<a href=\"mailto:fu.ing1@educacion.navarra.es\">fu.ing1@educacion.navarra.es<\/a><\/li>\n<li><strong>Lengua Castellana y Literatura: <span style=\"color: #008080;\">Eva Agudo<\/span><\/strong>\u00a0<a href=\"mailto:fu.leng1@educacion.navarra.es\">fu.leng1@educacion.navarra.es<\/a><\/li>\n<li><strong>Matem\u00e1ticas: <\/strong><strong><span style=\"color: #008080;\">Rebeca Trist\u00e1n<\/span><\/strong>\u00a0<a href=\"mailto:fu.mat3@educacion.navarra.es\"><span class=\"datos-preview-textoverde-dc datos-preview-field\">fu.mat3@educacion.navarra.es<\/span><\/a><\/li>\n<li><strong>Matem\u00e1ticas CC.SS.: <span style=\"color: #008080;\">Ram\u00f3n Lij\u00f3<\/span><\/strong>\u00a0<a href=\"mailto:fu.mat4@educacion.navarra.es\">fu.mat4@educacion.navarra.es<\/a><\/li>\n<li><strong>Qu\u00edmica: <span style=\"color: #008080;\">Emilia Hern\u00e1ndez<\/span><\/strong> <a href=\"mailto:fu.cientifico2@educacion.navarra.es\">fu.fis3@educacion.navarra.es<\/a><\/li>\n<li><strong>Tecnolog\u00eda: <span style=\"color: #008080;\">Ferm\u00edn Garc\u00eda <\/span><\/strong><a href=\"mailto:fu.tec1@educacion.navarra.es\">fu.tec1@educacion.navarra.es<\/a><\/li>\n<li><strong>TIC: <span style=\"color: #008080;\">Cun Agust\u00ed de Ciurana<\/span><\/strong> <a href=\"mailto:magustidec1@educacion.navarra.es\"><span class=\"datos-preview-textoverde-dc datos-preview-field\">magustidec1@educacion.navarra.es<\/span><\/a><\/li>\n<\/ul>\n<p>[\/vc_column_text][vc_custom_heading heading_semantic=\u00bbh3&#8243; text_size=\u00bbh3&#8243; uncode_shortcode_id=\u00bb187557&#8243; el_id=\u00bbAcceso-Universidad\u00bb]<\/p>\n<pre><span class=\"heading-text-highlight \" data-atts='{\"bg\":\"style-subrayado-titulos-bg\",\"height\":\"13%\",\"offset\":\"0.0em\",\"opacity\":\"1\",\"animated\":\"yes\"}'>Profesores del Curso de acceso a Ciclos formativos de GRADO SUPERIOR a Distancia<\/span><\/pre>\n<p>[\/vc_custom_heading][vc_column_text uncode_shortcode_id=\u00bb122744&#8243;]<\/p>\n<ul>\n<li><strong>TUTORA: <span style=\"color: #008080;\">Emilia Hern\u00e1ndez<\/span><\/strong>\u00a0<a href=\"mailto:fu.fis3@educacion.navarra.es\">fu.fis3@educacion.navarra.es<\/a><\/li>\n<li><strong>Biolog\u00eda: <span style=\"color: #008080;\">Esther Villacast\u00edn<\/span><\/strong> <a href=\"mailto:fu.bio1@educacion.navarra.es\">fu.bio1@educacion.navarra.es<\/a><\/li>\n<li><strong>Econom\u00eda de la Empresa<\/strong>: <strong><span style=\"color: #008080;\">Manuel Medina<\/span><\/strong> <a href=\"mailto:fu.mat7@educacion.navarra.es\">fu.mat7@educacion.navarra.es<\/a><\/li>\n<li><strong>F\u00edsica: <span style=\"color: #008080;\">Emilia Hern\u00e1ndez<\/span><\/strong>\u00a0<a href=\"mailto:fu.fis3@educacion.navarra.es\">fu.fis3@educacion.navarra.es<\/a><\/li>\n<li><strong>Ingl\u00e9s:<span style=\"color: #008080;\"> Elena Vall\u00e9s<\/span><\/strong>\u00a0<a href=\"mailto:fu.ing2@educacion.navarra.es\">fu.ing2@educacion.navarra.es<\/a><\/li>\n<li><strong>Lengua Castellana y Literatura: <span style=\"color: #008080;\">Ana Cabrero<\/span><\/strong>\u00a0<a href=\"mailto:fu.leng5@educacion.navarra.es\">fu.leng5@educacion.navarra.es<\/a><\/li>\n<li><strong>Matem\u00e1ticas: <\/strong><span style=\"color: #008080;\"><strong>Rebeca Trist\u00e1n<\/strong><\/span>\u00a0<a href=\"mailto:fu.mat3@educacion.navarra.es\"><span class=\"datos-preview-textoverde-dc datos-preview-field\">fu.mat3@educacion.navarra.es<\/span><\/a><\/li>\n<li><strong>Matem\u00e1ticas CC.SS.: <span style=\"color: #008080;\">Ram\u00f3n Lij\u00f3<\/span><\/strong>\u00a0<a href=\"mailto:fu.mat4@educacion.navarra.es\">fu.mat4@educacion.navarra.es<\/a><\/li>\n<li><strong>Qu\u00edmica: <span style=\"color: #008080;\">Emilia Hern\u00e1ndez<\/span><\/strong>\u00a0<a href=\"mailto:fu.fis3@educacion.navarra.es\">fu.fis3@educacion.navarra.es<\/a><\/li>\n<li><strong>Tecnolog\u00eda: <span style=\"color: #008080;\">Ferm\u00edn Garc\u00eda<\/span><\/strong><a href=\"mailto:fu.tec1@educacion.navarra.es\">fu.tec1@educacion.navarra.es<\/a><\/li>\n<li><strong>TIC: <span style=\"color: #008080;\">Cun Agust\u00ed de Ciurana<\/span><\/strong> <a href=\"mailto:magustidec1@educacion.navarra.es\"><span class=\"datos-preview-textoverde-dc datos-preview-field\">magustidec1@educacion.navarra.es<\/span><\/a><\/li>\n<\/ul>\n<p>[\/vc_column_text][\/vc_column][\/vc_row]<\/p>\n<\/div>","protected":false},"excerpt":{"rendered":"<p>Directorio de profesorado del Instituto F\u00e9lix Urabayen. Puedes verlo tambi\u00e9n, con los tel\u00e9fonos, en la parte final de las Gu\u00edas del curso.<\/p>\n","protected":false},"author":1,"featured_media":792,"parent":789,"menu_order":0,"comment_status":"closed","ping_status":"closed","template":"","meta":{"footnotes":""},"class_list":["post-838","page","type-page","status-publish","has-post-thumbnail","hentry","page_category-acceso-a-alumnos"],"_links":{"self":[{"href":"https:\/\/iesnapa.educacion.navarra.es\/web\/wp-json\/wp\/v2\/pages\/838"}],"collection":[{"href":"https:\/\/iesnapa.educacion.navarra.es\/web\/wp-json\/wp\/v2\/pages"}],"about":[{"href":"https:\/\/iesnapa.educacion.navarra.es\/web\/wp-json\/wp\/v2\/types\/page"}],"author":[{"embeddable":true,"href":"https:\/\/iesnapa.educacion.navarra.es\/web\/wp-json\/wp\/v2\/users\/1"}],"replies":[{"embeddable":true,"href":"https:\/\/iesnapa.educacion.navarra.es\/web\/wp-json\/wp\/v2\/comments?post=838"}],"version-history":[{"count":179,"href":"https:\/\/iesnapa.educacion.navarra.es\/web\/wp-json\/wp\/v2\/pages\/838\/revisions"}],"predecessor-version":[{"id":5709,"href":"https:\/\/iesnapa.educacion.navarra.es\/web\/wp-json\/wp\/v2\/pages\/838\/revisions\/5709"}],"up":[{"embeddable":true,"href":"https:\/\/iesnapa.educacion.navarra.es\/web\/wp-json\/wp\/v2\/pages\/789"}],"wp:featuredmedia":[{"embeddable":true,"href":"https:\/\/iesnapa.educacion.navarra.es\/web\/wp-json\/wp\/v2\/media\/792"}],"wp:attachment":[{"href":"https:\/\/iesnapa.educacion.navarra.es\/web\/wp-json\/wp\/v2\/media?parent=838"}],"curies":[{"name":"wp","href":"https:\/\/api.w.org\/{rel}","templated":true}]}}